{"id":4204,"date":"2018-11-08T10:05:12","date_gmt":"2018-11-08T09:05:12","guid":{"rendered":"http:\/\/vandoren.fr\/?page_id=4204"},"modified":"2022-02-23T12:08:51","modified_gmt":"2022-02-23T11:08:51","slug":"artistes","status":"publish","type":"page","link":"https:\/\/vandoren.fr\/fr\/artistes\/","title":{"rendered":"Artistes"},"content":{"rendered":"\t\t<div data-elementor-type=\"wp-page\" data-elementor-id=\"4204\" class=\"elementor elementor-4204\" data-elementor-post-type=\"page\">\n\t\t\t\t\t\t<section class=\"elementor-section elementor-top-section elementor-element elementor-element-c32681e elementor-section-full_width elementor-section-height-default elementor-section-height-default\" data-id=\"c32681e\" data-element_type=\"section\" data-e-type=\"section\">\n\t\t\t\t\t\t<div class=\"elementor-container elementor-column-gap-default\">\n\t\t\t\t\t<div class=\"elementor-column elementor-col-100 elementor-top-column elementor-element elementor-element-4c4669f\" data-id=\"4c4669f\" data-element_type=\"column\" data-e-type=\"column\">\n\t\t\t<div class=\"elementor-widget-wrap elementor-element-populated\">\n\t\t\t\t\t\t<div class=\"elementor-element elementor-element-33646bd elementor-widget elementor-widget-spacer\" data-id=\"33646bd\" data-element_type=\"widget\" data-e-type=\"widget\" data-widget_type=\"spacer.default\">\n\t\t\t\t<div class=\"elementor-widget-container\">\n\t\t\t\t\t\t\t<div class=\"elementor-spacer\">\n\t\t\t<div class=\"elementor-spacer-inner\"><\/div>\n\t\t<\/div>\n\t\t\t\t\t\t<\/div>\n\t\t\t\t<\/div>\n\t\t\t\t<div class=\"elementor-element elementor-element-b70c11a ee-text-divider--left elementor-widget elementor-widget-text-divider\" data-id=\"b70c11a\" data-element_type=\"widget\" data-e-type=\"widget\" data-widget_type=\"text-divider.default\">\n\t\t\t\t<div class=\"elementor-widget-container\">\n\t\t\t\t\t\t\t<div class=\"ee-text-divider\">\n\t\t\t<div class=\"ee-text-divider__divider ee-text-divider__before\"><\/div>\n\t\t\t<h1 class=\"ee-text-divider__text\">\n\t\t\t\t\t\t\t\t\t\tArtistes\t\t\t\t\t\t\t<\/h1>\n\t\t\t<div class=\"ee-text-divider__divider ee-text-divider__after\"><\/div>\n\t\t<\/div>\n\t\t\t\t\t\t<\/div>\n\t\t\t\t<\/div>\n\t\t\t\t<div class=\"elementor-element elementor-element-d96d2d9 elementor-widget elementor-widget-spacer\" data-id=\"d96d2d9\" data-element_type=\"widget\" data-e-type=\"widget\" data-widget_type=\"spacer.default\">\n\t\t\t\t<div class=\"elementor-widget-container\">\n\t\t\t\t\t\t\t<div class=\"elementor-spacer\">\n\t\t\t<div class=\"elementor-spacer-inner\"><\/div>\n\t\t<\/div>\n\t\t\t\t\t\t<\/div>\n\t\t\t\t<\/div>\n\t\t\t\t\t<\/div>\n\t\t<\/div>\n\t\t\t\t\t<\/div>\n\t\t<\/section>\n\t\t\t\t<section class=\"elementor-section elementor-top-section elementor-element elementor-element-fe13f9c elementor-section-full_width elementor-section-height-default elementor-section-height-default\" data-id=\"fe13f9c\" data-element_type=\"section\" data-e-type=\"section\">\n\t\t\t\t\t\t<div class=\"elementor-container elementor-column-gap-default\">\n\t\t\t\t\t<div class=\"elementor-column elementor-col-100 elementor-top-column elementor-element elementor-element-c59ae55\" data-id=\"c59ae55\" data-element_type=\"column\" data-e-type=\"column\">\n\t\t\t<div class=\"elementor-widget-wrap elementor-element-populated\">\n\t\t\t\t\t\t<div class=\"elementor-element elementor-element-0eee776 elementor-widget elementor-widget-toolset-view\" data-id=\"0eee776\" data-element_type=\"widget\" data-e-type=\"widget\" data-widget_type=\"toolset-view.default\">\n\t\t\t\t<div class=\"elementor-widget-container\">\n\t\t\t\t\t<form autocomplete=\"off\" name=\"wpv-filter-11211\" action=\"\/fr\/wp-json\/wp\/v2\/pages\/4204?wpv_view_count=11211\" method=\"get\" class=\"wpv-filter-form js-wpv-filter-form js-wpv-filter-form-11211 js-wpv-form-full js-wpv-dps-enabled js-wpv-ajax-results-enabled\" data-viewnumber=\"11211\" data-viewid=\"11211\" data-viewhash=\"eyJpZCI6MTEyMTEsIm9yZGVyIjoiZGVmYXVsdCIsIm9yZGVyYnlfc2Vjb25kIjoiZGVmYXVsdCIsIm9yZGVyX3NlY29uZCI6ImRlZmF1bHQifQ==\" data-viewwidgetid=\"0\" data-orderby=\"\" data-order=\"\" data-orderbyas=\"\" data-orderbysecond=\"\" data-ordersecond=\"\" data-parametric=\"{&quot;query&quot;:&quot;normal&quot;,&quot;id&quot;:11211,&quot;view_id&quot;:11211,&quot;widget_id&quot;:0,&quot;view_hash&quot;:&quot;11211&quot;,&quot;action&quot;:&quot;\\\/fr\\\/wp-json\\\/wp\\\/v2\\\/pages\\\/4204?wpv_view_count=11211&quot;,&quot;sort&quot;:{&quot;orderby&quot;:&quot;&quot;,&quot;order&quot;:&quot;&quot;,&quot;orderby_as&quot;:&quot;&quot;,&quot;orderby_second&quot;:&quot;&quot;,&quot;order_second&quot;:&quot;&quot;},&quot;orderby&quot;:&quot;&quot;,&quot;order&quot;:&quot;&quot;,&quot;orderby_as&quot;:&quot;&quot;,&quot;orderby_second&quot;:&quot;&quot;,&quot;order_second&quot;:&quot;&quot;,&quot;ajax_form&quot;:&quot;&quot;,&quot;ajax_results&quot;:&quot;&quot;,&quot;effect&quot;:&quot;fade&quot;,&quot;prebefore&quot;:&quot;&quot;,&quot;before&quot;:&quot;&quot;,&quot;after&quot;:&quot;&quot;,&quot;attributes&quot;:{&quot;id&quot;:11211,&quot;order&quot;:&quot;default&quot;,&quot;orderby_second&quot;:&quot;default&quot;,&quot;order_second&quot;:&quot;default&quot;},&quot;environment&quot;:{&quot;current_post_id&quot;:4204,&quot;parent_post_id&quot;:4204,&quot;parent_term_id&quot;:0,&quot;parent_user_id&quot;:0,&quot;archive&quot;:{&quot;type&quot;:&quot;&quot;,&quot;name&quot;:&quot;&quot;,&quot;data&quot;:[]}},&quot;loop&quot;:{&quot;type&quot;:&quot;&quot;,&quot;name&quot;:&quot;&quot;,&quot;data&quot;:[],&quot;id&quot;:0}}\" data-attributes=\"{&quot;id&quot;:11211,&quot;order&quot;:&quot;default&quot;,&quot;orderby_second&quot;:&quot;default&quot;,&quot;order_second&quot;:&quot;default&quot;}\" data-environment=\"{&quot;current_post_id&quot;:4204,&quot;parent_post_id&quot;:4204,&quot;parent_term_id&quot;:0,&quot;parent_user_id&quot;:0,&quot;archive&quot;:{&quot;type&quot;:&quot;&quot;,&quot;name&quot;:&quot;&quot;,&quot;data&quot;:[]}}\"><input type=\"hidden\" class=\"js-wpv-dps-filter-data js-wpv-filter-data-for-this-form\" data-action=\"\/fr\/wp-json\/wp\/v2\/pages\/4204?wpv_view_count=11211\" data-page=\"1\" data-ajax=\"enable\" data-effect=\"fade\" data-maxpages=\"26\" data-ajaxprebefore=\"\" data-ajaxbefore=\"\" data-ajaxafter=\"\" \/><input class=\"wpv_view_count wpv_view_count-11211\" type=\"hidden\" name=\"wpv_view_count\" value=\"11211\" \/>\n<span style=\"display:none\" class=\"js-wpv-dps-spinner\"><img decoding=\"async\" src=\"https:\/\/vandoren.fr\/wp-content\/plugins\/wp-views\/embedded\/res\/img\/ajax-loader4.gif\" \/><\/span>\n<div class=\"row\">\n  \t<div class=\"form-group artiste-cherche col-xs-12 col-sm-6 col-md-7 col-lg-7\">\n\t\t\n\t\t<div class=\"row artiste-row-wrap\">\n          \t<div class=\"col-xs-12 col-lg-6 artiste-row-search-field\">\n              \t<label class=\"artiste-cherche-label\">Rechercher un artiste<\/label>\n              \t<div class=\"form-group\">\n\t\t\t\t\t<input type=\"text\" name=\"wpv_post_search\"  class=\"js-wpv-filter-trigger-delayed recherche-artiste form-control\" \/>\n                  \n\t\t\t\t<\/div>\n             \t<label class=\"artiste-cherche-label\" for=\"wpv-wpcf-pays-artiste\">Pays<\/label>\n\t\t\t\t<div class=\"form-group\">\n                  \t<input type=\"\" id=\"wpv_control_textfield_wpv-wpcf-pays-artiste\" name=\"wpv-wpcf-pays-artiste\" value=\"\" class=\"recherche-artiste js-wpv-filter-trigger-delayed form-control\" \/>\n                <\/div>\n          \t<\/div>\n          \t<div class=\"col-xs-12 col-lg-6 artiste-row-search-button\" style=\"margin-bottom:5px;text-align:center;\">\n              \t<button type=\"submit\" class=\"fa fa-search wpv-submit-trigger js-wpv-submit-trigger btn\" style=\"text-align:left;\">Envoi<\/button>\n          \t<\/div>\n          \t<div class=\"col-xs-12 col-lg-6 artiste-row-search-button\" style=\"text-align:center;\">\n              \t<button type=\"button\" class=\"fa fa-refresh wpv-reset-trigger js-wpv-reset-trigger btn\">Recharger la page<\/button>\n          \t<\/div>\n          \n     \t<\/div>\n\t<\/div>\n\t<div class=\"form-group artiste-cherche col-xs-12 col-sm-6 col-md-5 col-lg-5\">\n\t\t<label class=\"artiste-cherche-label\">Filtrer par Instrument et Style<\/label>\n\t\t<select name=\"wpv-style-musique-artiste\" class=\"filtre-style-artiste js-wpv-filter-trigger form-control\"><option selected='selected' value=\"0\">-- S\u00e9lectionnez --<\/option><option value=\"clarinette-classique\">Clarinette Classique<\/option><option value=\"clarinette-jazz-autres-styles\">Clarinette Jazz et Autres Styles<\/option><option value=\"ensembles-clarinettes\">Ensembles de Clarinettes<\/option><option value=\"saxophone-classique\">Saxophone Classique<\/option><option value=\"saxophone-jazz-autres-styles\">Saxophone Jazz et Autres Styles<\/option><option value=\"ensembles-saxophones\">Ensembles de Saxophones<\/option><\/select>\n      \n\t<\/div>\n<\/div>\n<div class=\"artiste-pagelink\">\n<ul class=\"wpv-pagination-nav-links-container js-wpv-pagination-nav-links-container pagination\"><li class=\"wpv-pagination-nav-links-item js-wpv-pagination-nav-links-item page-item wpv-page-link-11211-1 js-wpv-page-link-11211-1 wpv_page_current wpv-pagination-nav-links-item-current active\"><span class=\"wpv-filter-pagination-link page-link\">1<\/span><\/li><li class=\"wpv-pagination-nav-links-item js-wpv-pagination-nav-links-item page-item wpv-page-link-11211-2 js-wpv-page-link-11211-2\"><a class=\"wpv-filter-pagination-link js-wpv-pagination-link page-link\" title=\"2\" href=\"\/fr\/wp-json\/wp\/v2\/pages\/4204?wpv_view_count=11211&#038;wpv_paged=2\" data-viewnumber=\"11211\" data-page=\"2\">2<\/a><\/li><li class=\"wpv-pagination-nav-links-item js-wpv-pagination-nav-links-item page-item wpv-page-link-11211-3 js-wpv-page-link-11211-3\"><a class=\"wpv-filter-pagination-link js-wpv-pagination-link page-link\" title=\"3\" href=\"\/fr\/wp-json\/wp\/v2\/pages\/4204?wpv_view_count=11211&#038;wpv_paged=3\" data-viewnumber=\"11211\" data-page=\"3\">3<\/a><\/li><li class=\"wpv-pagination-nav-links-item js-wpv-pagination-nav-links-item page-item\"><span class=\"wpv_page_ellipsis\">...<\/span><\/li><li class=\"wpv-pagination-nav-links-item js-wpv-pagination-nav-links-item page-item wpv-page-link-11211-20 js-wpv-page-link-11211-20\"><a class=\"wpv-filter-pagination-link js-wpv-pagination-link page-link\" title=\"20\" href=\"\/fr\/wp-json\/wp\/v2\/pages\/4204?wpv_view_count=11211&#038;wpv_paged=20\" data-viewnumber=\"11211\" data-page=\"20\">20<\/a><\/li><li class=\"wpv-pagination-nav-links-item js-wpv-pagination-nav-links-item page-item\"><span class=\"wpv_page_ellipsis\">...<\/span><\/li><li class=\"wpv-pagination-nav-links-item js-wpv-pagination-nav-links-item page-item wpv-page-link-11211-26 js-wpv-page-link-11211-26\"><a class=\"wpv-filter-pagination-link js-wpv-pagination-link page-link\" title=\"26\" href=\"\/fr\/wp-json\/wp\/v2\/pages\/4204?wpv_view_count=11211&#038;wpv_paged=26\" data-viewnumber=\"11211\" data-page=\"26\">26<\/a><\/li><li  class=\"page-item\"><a class=\"wpv-filter-last-link js-wpv-pagination-last-link page-link\"  href=\"\/fr\/wp-json\/wp\/v2\/pages\/4204?wpv_view_count=11211&#038;wpv_paged=26\" data-viewnumber=\"11211\" data-page=\"26\">&raquo;<\/a><\/li><\/ul>\n<\/div>\n\n<\/form>\n<div id=\"wpv-view-layout-11211\" class=\"js-wpv-view-layout js-wpv-layout-responsive js-wpv-view-layout-11211 wpv-pagination js-wpv-layout-has-pagination wpv-pagination-preload-images js-wpv-layout-preload-images wpv-pagination-preload-pages js-wpv-layout-preload-pages\" style=\"visibility:hidden;\" data-viewnumber=\"11211\" data-pagination=\"{&quot;id&quot;:11211,&quot;query&quot;:&quot;normal&quot;,&quot;type&quot;:&quot;ajaxed&quot;,&quot;effect&quot;:&quot;fade&quot;,&quot;duration&quot;:500,&quot;speed&quot;:5,&quot;pause_on_hover&quot;:&quot;disabled&quot;,&quot;stop_rollover&quot;:&quot;false&quot;,&quot;cache_pages&quot;:&quot;enabled&quot;,&quot;preload_images&quot;:&quot;enabled&quot;,&quot;preload_pages&quot;:&quot;enabled&quot;,&quot;preload_reach&quot;:1,&quot;spinner&quot;:&quot;builtin&quot;,&quot;spinner_image&quot;:&quot;&quot;,&quot;callback_next&quot;:&quot;&quot;,&quot;manage_history&quot;:&quot;enabled&quot;,&quot;has_controls_in_form&quot;:&quot;enabled&quot;,&quot;infinite_tolerance&quot;:0,&quot;max_pages&quot;:26,&quot;page&quot;:1,&quot;base_permalink&quot;:&quot;\/fr\/wp-json\/wp\/v2\/pages\/4204?wpv_view_count=11211&amp;wpv_paged=WPV_PAGE_NUM&quot;,&quot;loop&quot;:{&quot;type&quot;:&quot;&quot;,&quot;name&quot;:&quot;&quot;,&quot;data&quot;:[],&quot;id&quot;:0}}\" data-permalink=\"\/fr\/wp-json\/wp\/v2\/pages\/4204?wpv_view_count=11211\">\n\n\t\n\t<div class=\"row artiste-row\">\n      \t\n\t\t\n\t\t\t<div class=\"col-xs-12 col-sm-6 col-md-4 col-lg-3 artiste-grid-item\">\n  <div class=\"carte-artiste\">\n \t<a class=\"artiste-postmedia\" href=\"https:\/\/vandoren.fr\/fr\/artistes-vandoren\/a-iosco-lorenzo\/\">\n      \n      <div class=\"artiste-image\"><img fetchpriority=\"high\" fetchpriority=\"high\" fetchpriority=\"high\" decoding=\"async\" width=\"1024\" height=\"667\" src=\"https:\/\/vandoren.fr\/wp-content\/uploads\/2020\/09\/lorenzoiosco-recadr-1024x667.jpg\" class=\"attachment-large artiste-img\" alt=\"\" title=\"\" style=\"\" srcset=\"https:\/\/vandoren.fr\/wp-content\/uploads\/2020\/09\/lorenzoiosco-recadr-1024x667.jpg 1024w, https:\/\/vandoren.fr\/wp-content\/uploads\/2020\/09\/lorenzoiosco-recadr-300x195.jpg 300w, https:\/\/vandoren.fr\/wp-content\/uploads\/2020\/09\/lorenzoiosco-recadr-768x500.jpg 768w, https:\/\/vandoren.fr\/wp-content\/uploads\/2020\/09\/lorenzoiosco-recadr-1536x1000.jpg 1536w, https:\/\/vandoren.fr\/wp-content\/uploads\/2020\/09\/lorenzoiosco-recadr.jpg 1623w\" sizes=\"(max-width: 1024px) 100vw, 1024px\" \/><\/div>\n    <\/a>\n  \t<div class=\"artiste-post-body\">\n      \t<a clas=\"artiste-post-title\" href=\"https:\/\/vandoren.fr\/fr\/artistes-vandoren\/a-iosco-lorenzo\/\">\n          \t<h2 class=\"article-title-heading\">A. Iosco Lorenzo<\/h2>\n      \t<\/a>\n        <span class=\"artiste-pays\">(Italie)<\/span>\n     <div class=\"artiste-post-term\">\n        \t<span class=\"artiste-post-term-link\">Clarinette Classique<\/span>\n        \t\n      <\/div>\n  \t<\/div>\n    <div class=\"artiste-post-footer\">\n  \t\t<div class=\"artiste-post-excerpt\">\n      \t\tLorenzo Antonio Iosco, Italian clarinetist and conductor. Based in Hong Kong where he is a member of the Hong Kong Philharmonic Orchestra. Before movi&#8230;\n      \t\t<a class=\"artiste-post-readmore\" href=\"https:\/\/vandoren.fr\/fr\/artistes-vandoren\/a-iosco-lorenzo\/\">> Voir l&rsquo;artiste<\/a>\n  \t\t<\/div>\n    <\/div>\n  <\/div>\n<\/div>\n\t\t\n\t\t\t<div class=\"col-xs-12 col-sm-6 col-md-4 col-lg-3 artiste-grid-item\">\n  <div class=\"carte-artiste\">\n \t<a class=\"artiste-postmedia\" href=\"https:\/\/vandoren.fr\/fr\/artistes-vandoren\/abramovitz-eric\/\">\n      \n      <div class=\"artiste-image\"><img decoding=\"async\" width=\"424\" height=\"400\" src=\"https:\/\/vandoren.fr\/wp-content\/uploads\/2019\/04\/ABRAMOVITZ-Eric-_-recadr\u00e9e.jpg\" class=\"attachment-large artiste-img\" alt=\"\" title=\"\" style=\"\" srcset=\"https:\/\/vandoren.fr\/wp-content\/uploads\/2019\/04\/ABRAMOVITZ-Eric-_-recadr\u00e9e.jpg 424w, https:\/\/vandoren.fr\/wp-content\/uploads\/2019\/04\/ABRAMOVITZ-Eric-_-recadr\u00e9e-300x283.jpg 300w\" sizes=\"(max-width: 424px) 100vw, 424px\" \/><\/div>\n    <\/a>\n  \t<div class=\"artiste-post-body\">\n      \t<a clas=\"artiste-post-title\" href=\"https:\/\/vandoren.fr\/fr\/artistes-vandoren\/abramovitz-eric\/\">\n          \t<h2 class=\"article-title-heading\">Abramovitz Eric<\/h2>\n      \t<\/a>\n        <span class=\"artiste-pays\">(Canada)<\/span>\n     <div class=\"artiste-post-term\">\n        \t<span class=\"artiste-post-term-link\">Clarinette Classique<\/span>\n        \t\n      <\/div>\n  \t<\/div>\n    <div class=\"artiste-post-footer\">\n  \t\t<div class=\"artiste-post-excerpt\">\n      \t\tEric Abramovitz joined the Toronto Symphony Orchestra in 2018 as Associate Principal and E-flat Clarinet, and was previously a member of the Nashville&#8230;\n      \t\t<a class=\"artiste-post-readmore\" href=\"https:\/\/vandoren.fr\/fr\/artistes-vandoren\/abramovitz-eric\/\">> Voir l&rsquo;artiste<\/a>\n  \t\t<\/div>\n    <\/div>\n  <\/div>\n<\/div>\n\t\t\n\t\t\t<div class=\"col-xs-12 col-sm-6 col-md-4 col-lg-3 artiste-grid-item\">\n  <div class=\"carte-artiste\">\n \t<a class=\"artiste-postmedia\" href=\"https:\/\/vandoren.fr\/fr\/artistes-vandoren\/adamek-martin\/\">\n      \n      <div class=\"artiste-image\"><img decoding=\"async\" width=\"1024\" height=\"729\" src=\"https:\/\/vandoren.fr\/wp-content\/uploads\/2018\/11\/ADAMEK-Martin-\u00a9Boris-N\u00e9meth-_-recadr\u00e9e-1024x729.jpg\" class=\"attachment-large artiste-img\" alt=\"\" title=\"\" style=\"\" srcset=\"https:\/\/vandoren.fr\/wp-content\/uploads\/2018\/11\/ADAMEK-Martin-\u00a9Boris-N\u00e9meth-_-recadr\u00e9e-1024x729.jpg 1024w, https:\/\/vandoren.fr\/wp-content\/uploads\/2018\/11\/ADAMEK-Martin-\u00a9Boris-N\u00e9meth-_-recadr\u00e9e-300x214.jpg 300w, https:\/\/vandoren.fr\/wp-content\/uploads\/2018\/11\/ADAMEK-Martin-\u00a9Boris-N\u00e9meth-_-recadr\u00e9e-768x547.jpg 768w, https:\/\/vandoren.fr\/wp-content\/uploads\/2018\/11\/ADAMEK-Martin-\u00a9Boris-N\u00e9meth-_-recadr\u00e9e.jpg 2048w\" sizes=\"(max-width: 1024px) 100vw, 1024px\" \/><\/div>\n    <\/a>\n  \t<div class=\"artiste-post-body\">\n      \t<a clas=\"artiste-post-title\" href=\"https:\/\/vandoren.fr\/fr\/artistes-vandoren\/adamek-martin\/\">\n          \t<h2 class=\"article-title-heading\">Ad\u00e1mek Martin<\/h2>\n      \t<\/a>\n        <span class=\"artiste-pays\">(Slovaquie)<\/span>\n     <div class=\"artiste-post-term\">\n        \t<span class=\"artiste-post-term-link\">Clarinette Classique<\/span>\n        \t\n      <\/div>\n  \t<\/div>\n    <div class=\"artiste-post-footer\">\n  \t\t<div class=\"artiste-post-excerpt\">\n      \t\tDespite his young age, Slovak clarinetist Martin Ad\u00e1mek has developed a rich solo, chamber music and orchestral career. He has given recitals in numer&#8230;\n      \t\t<a class=\"artiste-post-readmore\" href=\"https:\/\/vandoren.fr\/fr\/artistes-vandoren\/adamek-martin\/\">> Voir l&rsquo;artiste<\/a>\n  \t\t<\/div>\n    <\/div>\n  <\/div>\n<\/div>\n\t\t\n\t\t\t<div class=\"col-xs-12 col-sm-6 col-md-4 col-lg-3 artiste-grid-item\">\n  <div class=\"carte-artiste\">\n \t<a class=\"artiste-postmedia\" href=\"https:\/\/vandoren.fr\/fr\/artistes-vandoren\/adamski-arkadiusz\/\">\n      \n      <div class=\"artiste-image\"><img loading=\"lazy\" loading=\"lazy\" loading=\"lazy\" decoding=\"async\" width=\"639\" height=\"450\" src=\"https:\/\/vandoren.fr\/wp-content\/uploads\/2018\/11\/ADAMSKI-Arkadiusz-_-recadr\u00e9e-2.jpg\" class=\"attachment-large artiste-img\" alt=\"\" title=\"\" style=\"\" srcset=\"https:\/\/vandoren.fr\/wp-content\/uploads\/2018\/11\/ADAMSKI-Arkadiusz-_-recadr\u00e9e-2.jpg 639w, https:\/\/vandoren.fr\/wp-content\/uploads\/2018\/11\/ADAMSKI-Arkadiusz-_-recadr\u00e9e-2-300x211.jpg 300w\" sizes=\"auto, (max-width: 639px) 100vw, 639px\" \/><\/div>\n    <\/a>\n  \t<div class=\"artiste-post-body\">\n      \t<a clas=\"artiste-post-title\" href=\"https:\/\/vandoren.fr\/fr\/artistes-vandoren\/adamski-arkadiusz\/\">\n          \t<h2 class=\"article-title-heading\">Adamski Arkadiusz<\/h2>\n      \t<\/a>\n        <span class=\"artiste-pays\">(Poland)<\/span>\n     <div class=\"artiste-post-term\">\n        \t<span class=\"artiste-post-term-link\">Clarinette Classique<\/span>\n        \t\n      <\/div>\n  \t<\/div>\n    <div class=\"artiste-post-footer\">\n  \t\t<div class=\"artiste-post-excerpt\">\n      \t\tPrincipal Clarinet of the National Polish Radio Symphony Orchestra Mr. Adamski received his master degree from the Karol Szymanowski Academy of Music&#8230;\n      \t\t<a class=\"artiste-post-readmore\" href=\"https:\/\/vandoren.fr\/fr\/artistes-vandoren\/adamski-arkadiusz\/\">> Voir l&rsquo;artiste<\/a>\n  \t\t<\/div>\n    <\/div>\n  <\/div>\n<\/div>\n\t\t\n\t\t\t<div class=\"col-xs-12 col-sm-6 col-md-4 col-lg-3 artiste-grid-item\">\n  <div class=\"carte-artiste\">\n \t<a class=\"artiste-postmedia\" href=\"https:\/\/vandoren.fr\/fr\/artistes-vandoren\/ademir-junior\/\">\n      <div class=\"artiste-image\"><img loading=\"lazy\" loading=\"lazy\" loading=\"lazy\" decoding=\"async\" width=\"1024\" height=\"819\" src=\"https:\/\/vandoren.fr\/wp-content\/uploads\/2018\/11\/6601994-9958545-1024x819.jpg\" class=\"attachment-large size-large artiste-img wp-post-image\" alt=\"\" srcset=\"https:\/\/vandoren.fr\/wp-content\/uploads\/2018\/11\/6601994-9958545-1024x819.jpg 1024w, https:\/\/vandoren.fr\/wp-content\/uploads\/2018\/11\/6601994-9958545-300x240.jpg 300w, https:\/\/vandoren.fr\/wp-content\/uploads\/2018\/11\/6601994-9958545-768x614.jpg 768w, https:\/\/vandoren.fr\/wp-content\/uploads\/2018\/11\/6601994-9958545.jpg 1368w\" sizes=\"auto, (max-width: 1024px) 100vw, 1024px\" \/><\/div>\n      \n    <\/a>\n  \t<div class=\"artiste-post-body\">\n      \t<a clas=\"artiste-post-title\" href=\"https:\/\/vandoren.fr\/fr\/artistes-vandoren\/ademir-junior\/\">\n          \t<h2 class=\"article-title-heading\">Ademir J\u00fanior<\/h2>\n      \t<\/a>\n        <span class=\"artiste-pays\">(Brazil)<\/span>\n     <div class=\"artiste-post-term\">\n        \t<span class=\"artiste-post-term-link\">Saxophone Jazz et Autres Styles<\/span>\n        \t\n      <\/div>\n  \t<\/div>\n    <div class=\"artiste-post-footer\">\n  \t\t<div class=\"artiste-post-excerpt\">\n      \t\tAdemir Junior plays: &#8211;&nbsp; alto saxophone: Jumbo Java&nbsp; mouthpiece \/ MO Ligature \/ Traditional reeds #3 &#8211; soprano saxophone: S25 mouthpiece \/ MO&#8230;\n      \t\t<a class=\"artiste-post-readmore\" href=\"https:\/\/vandoren.fr\/fr\/artistes-vandoren\/ademir-junior\/\">> Voir l&rsquo;artiste<\/a>\n  \t\t<\/div>\n    <\/div>\n  <\/div>\n<\/div>\n\t\t\n\t\t\t<div class=\"col-xs-12 col-sm-6 col-md-4 col-lg-3 artiste-grid-item\">\n  <div class=\"carte-artiste\">\n \t<a class=\"artiste-postmedia\" href=\"https:\/\/vandoren.fr\/fr\/artistes-vandoren\/aguilar-barrascout-rosse\/\">\n      \n      <div class=\"artiste-image\"><img loading=\"lazy\" loading=\"lazy\" loading=\"lazy\" decoding=\"async\" width=\"1024\" height=\"505\" src=\"https:\/\/vandoren.fr\/wp-content\/uploads\/2021\/03\/rosse-1024x505.jpg\" class=\"attachment-large artiste-img\" alt=\"\" title=\"\" style=\"\" srcset=\"https:\/\/vandoren.fr\/wp-content\/uploads\/2021\/03\/rosse-1024x505.jpg 1024w, https:\/\/vandoren.fr\/wp-content\/uploads\/2021\/03\/rosse-300x148.jpg 300w, https:\/\/vandoren.fr\/wp-content\/uploads\/2021\/03\/rosse-768x379.jpg 768w, https:\/\/vandoren.fr\/wp-content\/uploads\/2021\/03\/rosse.jpg 1280w\" sizes=\"auto, (max-width: 1024px) 100vw, 1024px\" \/><\/div>\n    <\/a>\n  \t<div class=\"artiste-post-body\">\n      \t<a clas=\"artiste-post-title\" href=\"https:\/\/vandoren.fr\/fr\/artistes-vandoren\/aguilar-barrascout-rosse\/\">\n          \t<h2 class=\"article-title-heading\">Aguilar Barrascout Rosse<\/h2>\n      \t<\/a>\n        <span class=\"artiste-pays\">(Guatemala)<\/span>\n     <div class=\"artiste-post-term\">\n        \t<span class=\"artiste-post-term-link\">Saxophone Jazz et Autres Styles<\/span>\n        \t\n      <\/div>\n  \t<\/div>\n    <div class=\"artiste-post-footer\">\n  \t\t<div class=\"artiste-post-excerpt\">\n      \t\tSaxophonist, singer, educator, composer, author and arranger, active in the popular and contemporary music scene, and national and international jazz&#8230;\n      \t\t<a class=\"artiste-post-readmore\" href=\"https:\/\/vandoren.fr\/fr\/artistes-vandoren\/aguilar-barrascout-rosse\/\">> Voir l&rsquo;artiste<\/a>\n  \t\t<\/div>\n    <\/div>\n  <\/div>\n<\/div>\n\t\t\n\t\t\t<div class=\"col-xs-12 col-sm-6 col-md-4 col-lg-3 artiste-grid-item\">\n  <div class=\"carte-artiste\">\n \t<a class=\"artiste-postmedia\" href=\"https:\/\/vandoren.fr\/fr\/artistes-vandoren\/aliquo-don\/\">\n      \n      <div class=\"artiste-image\"><img loading=\"lazy\" loading=\"lazy\" loading=\"lazy\" decoding=\"async\" width=\"212\" height=\"131\" src=\"https:\/\/vandoren.fr\/wp-content\/uploads\/2018\/11\/ALIQUO-Don.jpg\" class=\"attachment-large artiste-img\" alt=\"\" title=\"\" style=\"\" \/><\/div>\n    <\/a>\n  \t<div class=\"artiste-post-body\">\n      \t<a clas=\"artiste-post-title\" href=\"https:\/\/vandoren.fr\/fr\/artistes-vandoren\/aliquo-don\/\">\n          \t<h2 class=\"article-title-heading\">Aliquo Don<\/h2>\n      \t<\/a>\n        <span class=\"artiste-pays\">(USA)<\/span>\n     <div class=\"artiste-post-term\">\n        \t<span class=\"artiste-post-term-link\">Saxophone Jazz et Autres Styles<\/span>\n        \t\n      <\/div>\n  \t<\/div>\n    <div class=\"artiste-post-footer\">\n  \t\t<div class=\"artiste-post-excerpt\">\n      \t\tSaxophonist Don Aliquo\u2019s playing has been described as \u201cfluid with an articulate flow of always surprising ideas, sophisticated with a dexterous techn&#8230;\n      \t\t<a class=\"artiste-post-readmore\" href=\"https:\/\/vandoren.fr\/fr\/artistes-vandoren\/aliquo-don\/\">> Voir l&rsquo;artiste<\/a>\n  \t\t<\/div>\n    <\/div>\n  <\/div>\n<\/div>\n\t\t\n\t\t\t<div class=\"col-xs-12 col-sm-6 col-md-4 col-lg-3 artiste-grid-item\">\n  <div class=\"carte-artiste\">\n \t<a class=\"artiste-postmedia\" href=\"https:\/\/vandoren.fr\/fr\/artistes-vandoren\/allakhverdyan-boris\/\">\n      <div class=\"artiste-image\"><img loading=\"lazy\" loading=\"lazy\" loading=\"lazy\" decoding=\"async\" width=\"1024\" height=\"764\" src=\"https:\/\/vandoren.fr\/wp-content\/uploads\/2018\/11\/6738853-10300003-1024x764.jpg\" class=\"attachment-large size-large artiste-img wp-post-image\" alt=\"\" srcset=\"https:\/\/vandoren.fr\/wp-content\/uploads\/2018\/11\/6738853-10300003-1024x764.jpg 1024w, https:\/\/vandoren.fr\/wp-content\/uploads\/2018\/11\/6738853-10300003-300x224.jpg 300w, https:\/\/vandoren.fr\/wp-content\/uploads\/2018\/11\/6738853-10300003-768x573.jpg 768w, https:\/\/vandoren.fr\/wp-content\/uploads\/2018\/11\/6738853-10300003.jpg 2048w\" sizes=\"auto, (max-width: 1024px) 100vw, 1024px\" \/><\/div>\n      \n    <\/a>\n  \t<div class=\"artiste-post-body\">\n      \t<a clas=\"artiste-post-title\" href=\"https:\/\/vandoren.fr\/fr\/artistes-vandoren\/allakhverdyan-boris\/\">\n          \t<h2 class=\"article-title-heading\">Allakhverdyan Boris<\/h2>\n      \t<\/a>\n        <span class=\"artiste-pays\">(USA)<\/span>\n     <div class=\"artiste-post-term\">\n        \t<span class=\"artiste-post-term-link\">Clarinette Classique<\/span>\n        \t<a clas=\"artiste-post-title\" href=\"https:\/\/vandoren.fr\/fr\/artistes-vandoren\/allakhverdyan-boris\/\"><span class=\"artiste-video-icon\"><i class=\"fa fa-youtube-play\"><\/i><\/span><\/a>\n      <\/div>\n  \t<\/div>\n    <div class=\"artiste-post-footer\">\n  \t\t<div class=\"artiste-post-excerpt\">\n      \t\tBoris Allakhverdyan was appointed Principal Clarinet of the Los Angeles Philharmonic in 2016. He previously\u00a0served as Principal Clarinet of the Metrop&#8230;\n      \t\t<a class=\"artiste-post-readmore\" href=\"https:\/\/vandoren.fr\/fr\/artistes-vandoren\/allakhverdyan-boris\/\">> Voir l&rsquo;artiste<\/a>\n  \t\t<\/div>\n    <\/div>\n  <\/div>\n<\/div>\n\t\t\n\t\t\t<div class=\"col-xs-12 col-sm-6 col-md-4 col-lg-3 artiste-grid-item\">\n  <div class=\"carte-artiste\">\n \t<a class=\"artiste-postmedia\" href=\"https:\/\/vandoren.fr\/fr\/artistes-vandoren\/allen-andrew\/\">\n      <div class=\"artiste-image\"><img loading=\"lazy\" loading=\"lazy\" loading=\"lazy\" decoding=\"async\" width=\"1024\" height=\"783\" src=\"https:\/\/vandoren.fr\/wp-content\/uploads\/2018\/11\/22454149-25151481-1024x783.jpg\" class=\"attachment-large size-large artiste-img wp-post-image\" alt=\"\" srcset=\"https:\/\/vandoren.fr\/wp-content\/uploads\/2018\/11\/22454149-25151481-1024x783.jpg 1024w, https:\/\/vandoren.fr\/wp-content\/uploads\/2018\/11\/22454149-25151481-300x230.jpg 300w, https:\/\/vandoren.fr\/wp-content\/uploads\/2018\/11\/22454149-25151481-768x588.jpg 768w, https:\/\/vandoren.fr\/wp-content\/uploads\/2018\/11\/22454149-25151481.jpg 2048w\" sizes=\"auto, (max-width: 1024px) 100vw, 1024px\" \/><\/div>\n      \n    <\/a>\n  \t<div class=\"artiste-post-body\">\n      \t<a clas=\"artiste-post-title\" href=\"https:\/\/vandoren.fr\/fr\/artistes-vandoren\/allen-andrew\/\">\n          \t<h2 class=\"article-title-heading\">Allen Andrew<\/h2>\n      \t<\/a>\n        <span class=\"artiste-pays\">(USA)<\/span>\n     <div class=\"artiste-post-term\">\n        \t<span class=\"artiste-post-term-link\">Saxophone Classique<\/span>\n        \t\n      <\/div>\n  \t<\/div>\n    <div class=\"artiste-post-footer\">\n  \t\t<div class=\"artiste-post-excerpt\">\n      \t\tAndrew J. Allen is \u201ca master of all sizes of saxophone.\u201d (The Instrumentalist, April 2018)\u00a0In response to his New York solo debut, the Examiner\u00a0opined&#8230;\n      \t\t<a class=\"artiste-post-readmore\" href=\"https:\/\/vandoren.fr\/fr\/artistes-vandoren\/allen-andrew\/\">> Voir l&rsquo;artiste<\/a>\n  \t\t<\/div>\n    <\/div>\n  <\/div>\n<\/div>\n\t\t\n\t\t\t<div class=\"col-xs-12 col-sm-6 col-md-4 col-lg-3 artiste-grid-item\">\n  <div class=\"carte-artiste\">\n \t<a class=\"artiste-postmedia\" href=\"https:\/\/vandoren.fr\/fr\/artistes-vandoren\/allen-kris\/\">\n      <div class=\"artiste-image\"><img loading=\"lazy\" loading=\"lazy\" loading=\"lazy\" decoding=\"async\" width=\"214\" height=\"215\" src=\"https:\/\/vandoren.fr\/wp-content\/uploads\/2018\/11\/7677955-11872437.jpg\" class=\"attachment-large size-large artiste-img wp-post-image\" alt=\"\" srcset=\"https:\/\/vandoren.fr\/wp-content\/uploads\/2018\/11\/7677955-11872437.jpg 214w, https:\/\/vandoren.fr\/wp-content\/uploads\/2018\/11\/7677955-11872437-150x150.jpg 150w\" sizes=\"auto, (max-width: 214px) 100vw, 214px\" \/><\/div>\n      \n    <\/a>\n  \t<div class=\"artiste-post-body\">\n      \t<a clas=\"artiste-post-title\" href=\"https:\/\/vandoren.fr\/fr\/artistes-vandoren\/allen-kris\/\">\n          \t<h2 class=\"article-title-heading\">Allen Kris<\/h2>\n      \t<\/a>\n        \n     <div class=\"artiste-post-term\">\n        \t<span class=\"artiste-post-term-link\">Saxophone Jazz et Autres Styles<\/span>\n        \t\n      <\/div>\n  \t<\/div>\n    <div class=\"artiste-post-footer\">\n  \t\t<div class=\"artiste-post-excerpt\">\n      \t\tSaxophonist and Composer Kris Allen, a native of West Hartford CT, was a student of the late great Jackie Mclean. Kris has performed and\/or recorded w&#8230;\n      \t\t<a class=\"artiste-post-readmore\" href=\"https:\/\/vandoren.fr\/fr\/artistes-vandoren\/allen-kris\/\">> Voir l&rsquo;artiste<\/a>\n  \t\t<\/div>\n    <\/div>\n  <\/div>\n<\/div>\n\t\t\n\t\t\t<div class=\"col-xs-12 col-sm-6 col-md-4 col-lg-3 artiste-grid-item\">\n  <div class=\"carte-artiste\">\n \t<a class=\"artiste-postmedia\" href=\"https:\/\/vandoren.fr\/fr\/artistes-vandoren\/alliage-quartet\/\">\n      \n      <div class=\"artiste-image\"><img loading=\"lazy\" loading=\"lazy\" loading=\"lazy\" decoding=\"async\" width=\"1024\" height=\"549\" src=\"https:\/\/vandoren.fr\/wp-content\/uploads\/2018\/11\/Alliage-Quartet-_-recadr\u00e9e-1024x549.jpg\" class=\"attachment-large artiste-img\" alt=\"\" title=\"\" style=\"\" srcset=\"https:\/\/vandoren.fr\/wp-content\/uploads\/2018\/11\/Alliage-Quartet-_-recadr\u00e9e-1024x549.jpg 1024w, https:\/\/vandoren.fr\/wp-content\/uploads\/2018\/11\/Alliage-Quartet-_-recadr\u00e9e-300x161.jpg 300w, https:\/\/vandoren.fr\/wp-content\/uploads\/2018\/11\/Alliage-Quartet-_-recadr\u00e9e-768x411.jpg 768w, https:\/\/vandoren.fr\/wp-content\/uploads\/2018\/11\/Alliage-Quartet-_-recadr\u00e9e.jpg 1775w\" sizes=\"auto, (max-width: 1024px) 100vw, 1024px\" \/><\/div>\n    <\/a>\n  \t<div class=\"artiste-post-body\">\n      \t<a clas=\"artiste-post-title\" href=\"https:\/\/vandoren.fr\/fr\/artistes-vandoren\/alliage-quartet\/\">\n          \t<h2 class=\"article-title-heading\">Alliage Quintet<\/h2>\n      \t<\/a>\n        \n     <div class=\"artiste-post-term\">\n        \t<span class=\"artiste-post-term-link\">Ensembles de Saxophones<\/span>\n        \t\n      <\/div>\n  \t<\/div>\n    <div class=\"artiste-post-footer\">\n  \t\t<div class=\"artiste-post-excerpt\">\n      \t\tQuand le soprano, l\u2019alto, le t\u00e9nor et le baryton se fondent pour cr\u00e9er ce lumineux m\u00e9lange sonore, c\u2019est comme si les musiciens s\u2019envolaient (\u2026) dans&#8230;\n      \t\t<a class=\"artiste-post-readmore\" href=\"https:\/\/vandoren.fr\/fr\/artistes-vandoren\/alliage-quartet\/\">> Voir l&rsquo;artiste<\/a>\n  \t\t<\/div>\n    <\/div>\n  <\/div>\n<\/div>\n\t\t\n\t\t\t<div class=\"col-xs-12 col-sm-6 col-md-4 col-lg-3 artiste-grid-item\">\n  <div class=\"carte-artiste\">\n \t<a class=\"artiste-postmedia\" href=\"https:\/\/vandoren.fr\/fr\/artistes-vandoren\/almeida-livio\/\">\n      \n      <div class=\"artiste-image\"><img loading=\"lazy\" loading=\"lazy\" loading=\"lazy\" decoding=\"async\" width=\"1024\" height=\"683\" src=\"https:\/\/vandoren.fr\/wp-content\/uploads\/2023\/03\/livio-1024x683.jpg\" class=\"attachment-large artiste-img\" alt=\"\" title=\"\" style=\"\" srcset=\"https:\/\/vandoren.fr\/wp-content\/uploads\/2023\/03\/livio-1024x683.jpg 1024w, https:\/\/vandoren.fr\/wp-content\/uploads\/2023\/03\/livio-300x200.jpg 300w, https:\/\/vandoren.fr\/wp-content\/uploads\/2023\/03\/livio-768x512.jpg 768w, https:\/\/vandoren.fr\/wp-content\/uploads\/2023\/03\/livio-1536x1024.jpg 1536w, https:\/\/vandoren.fr\/wp-content\/uploads\/2023\/03\/livio.jpg 2048w\" sizes=\"auto, (max-width: 1024px) 100vw, 1024px\" \/><\/div>\n    <\/a>\n  \t<div class=\"artiste-post-body\">\n      \t<a clas=\"artiste-post-title\" href=\"https:\/\/vandoren.fr\/fr\/artistes-vandoren\/almeida-livio\/\">\n          \t<h2 class=\"article-title-heading\">Almeida Livio<\/h2>\n      \t<\/a>\n        <span class=\"artiste-pays\">(Br\u00e9sil)<\/span>\n     <div class=\"artiste-post-term\">\n        \t<span class=\"artiste-post-term-link\">Saxophone Jazz et Autres Styles<\/span>\n        \t\n      <\/div>\n  \t<\/div>\n    <div class=\"artiste-post-footer\">\n  \t\t<div class=\"artiste-post-excerpt\">\n      \t\tL\u00edvio Almeida is a GRAMMY nominee saxophonist and composer from Brazil, winner of the International Saxophone Competition Victor Assis Brasil in 2015.&#8230;\n      \t\t<a class=\"artiste-post-readmore\" href=\"https:\/\/vandoren.fr\/fr\/artistes-vandoren\/almeida-livio\/\">> Voir l&rsquo;artiste<\/a>\n  \t\t<\/div>\n    <\/div>\n  <\/div>\n<\/div>\n\t\t\n\t\t\t<div class=\"col-xs-12 col-sm-6 col-md-4 col-lg-3 artiste-grid-item\">\n  <div class=\"carte-artiste\">\n \t<a class=\"artiste-postmedia\" href=\"https:\/\/vandoren.fr\/fr\/artistes-vandoren\/livio-almeida\/\">\n      \n      <div class=\"artiste-image\"><img loading=\"lazy\" loading=\"lazy\" loading=\"lazy\" decoding=\"async\" width=\"1024\" height=\"1024\" src=\"https:\/\/vandoren.fr\/wp-content\/uploads\/2025\/02\/dsc01073c-1024x1024.jpg\" class=\"attachment-large artiste-img\" alt=\"\" title=\"\" style=\"\" srcset=\"https:\/\/vandoren.fr\/wp-content\/uploads\/2025\/02\/dsc01073c-1024x1024.jpg 1024w, https:\/\/vandoren.fr\/wp-content\/uploads\/2025\/02\/dsc01073c-300x300.jpg 300w, https:\/\/vandoren.fr\/wp-content\/uploads\/2025\/02\/dsc01073c-150x150.jpg 150w, https:\/\/vandoren.fr\/wp-content\/uploads\/2025\/02\/dsc01073c-768x768.jpg 768w, https:\/\/vandoren.fr\/wp-content\/uploads\/2025\/02\/dsc01073c-1536x1536.jpg 1536w, https:\/\/vandoren.fr\/wp-content\/uploads\/2025\/02\/dsc01073c-scaled.jpg 2048w\" sizes=\"auto, (max-width: 1024px) 100vw, 1024px\" \/><\/div>\n    <\/a>\n  \t<div class=\"artiste-post-body\">\n      \t<a clas=\"artiste-post-title\" href=\"https:\/\/vandoren.fr\/fr\/artistes-vandoren\/livio-almeida\/\">\n          \t<h2 class=\"article-title-heading\">Almeida L\u00edvio<\/h2>\n      \t<\/a>\n        <span class=\"artiste-pays\">(USA)<\/span>\n     <div class=\"artiste-post-term\">\n        \t<span class=\"artiste-post-term-link\"><\/span>\n        \t\n      <\/div>\n  \t<\/div>\n    <div class=\"artiste-post-footer\">\n  \t\t<div class=\"artiste-post-excerpt\">\n      \t\tL\u00edvio Almeida is a GRAMMY nominee saxophonist and composer from Brazil, winner of the International Saxophone Competition Victor Assis Brasil in 2015.&#8230;\n      \t\t<a class=\"artiste-post-readmore\" href=\"https:\/\/vandoren.fr\/fr\/artistes-vandoren\/livio-almeida\/\">> Voir l&rsquo;artiste<\/a>\n  \t\t<\/div>\n    <\/div>\n  <\/div>\n<\/div>\n\t\t\n\t\t\t<div class=\"col-xs-12 col-sm-6 col-md-4 col-lg-3 artiste-grid-item\">\n  <div class=\"carte-artiste\">\n \t<a class=\"artiste-postmedia\" href=\"https:\/\/vandoren.fr\/fr\/artistes-vandoren\/alour-sophie\/\">\n      \n      <div class=\"artiste-image\"><img loading=\"lazy\" loading=\"lazy\" loading=\"lazy\" decoding=\"async\" width=\"1024\" height=\"805\" src=\"https:\/\/vandoren.fr\/wp-content\/uploads\/2018\/11\/ALOUR-Sophie-_-recadr\u00e9e-1024x805.jpg\" class=\"attachment-large artiste-img\" alt=\"\" title=\"\" style=\"\" srcset=\"https:\/\/vandoren.fr\/wp-content\/uploads\/2018\/11\/ALOUR-Sophie-_-recadr\u00e9e-1024x805.jpg 1024w, https:\/\/vandoren.fr\/wp-content\/uploads\/2018\/11\/ALOUR-Sophie-_-recadr\u00e9e-300x236.jpg 300w, https:\/\/vandoren.fr\/wp-content\/uploads\/2018\/11\/ALOUR-Sophie-_-recadr\u00e9e-768x604.jpg 768w, https:\/\/vandoren.fr\/wp-content\/uploads\/2018\/11\/ALOUR-Sophie-_-recadr\u00e9e.jpg 2048w\" sizes=\"auto, (max-width: 1024px) 100vw, 1024px\" \/><\/div>\n    <\/a>\n  \t<div class=\"artiste-post-body\">\n      \t<a clas=\"artiste-post-title\" href=\"https:\/\/vandoren.fr\/fr\/artistes-vandoren\/alour-sophie\/\">\n          \t<h2 class=\"article-title-heading\">Alour Sophie<\/h2>\n      \t<\/a>\n        <span class=\"artiste-pays\">(France)<\/span>\n     <div class=\"artiste-post-term\">\n        \t<span class=\"artiste-post-term-link\">Saxophone Jazz et Autres Styles<\/span>\n        \t\n      <\/div>\n  \t<\/div>\n    <div class=\"artiste-post-footer\">\n  \t\t<div class=\"artiste-post-excerpt\">\n      \t\tN\u00e9e en 1974, Sophie Alour a appris le saxophone en autodidacte, apr\u00e8s avoir \u00e9tudi\u00e9 la clarinette \u00e0 l\u2019\u00e9cole de musique de Quimper. C\u2019est sur sc\u00e8ne, in&#8230;\n      \t\t<a class=\"artiste-post-readmore\" href=\"https:\/\/vandoren.fr\/fr\/artistes-vandoren\/alour-sophie\/\">> Voir l&rsquo;artiste<\/a>\n  \t\t<\/div>\n    <\/div>\n  <\/div>\n<\/div>\n\t\t\n\t\t\t<div class=\"col-xs-12 col-sm-6 col-md-4 col-lg-3 artiste-grid-item\">\n  <div class=\"carte-artiste\">\n \t<a class=\"artiste-postmedia\" href=\"https:\/\/vandoren.fr\/fr\/artistes-vandoren\/alt-susanne\/\">\n      <div class=\"artiste-image\"><img loading=\"lazy\" loading=\"lazy\" loading=\"lazy\" decoding=\"async\" width=\"214\" height=\"200\" src=\"https:\/\/vandoren.fr\/wp-content\/uploads\/2018\/11\/5801332-8648680.jpg\" class=\"attachment-large size-large artiste-img wp-post-image\" alt=\"\" \/><\/div>\n      \n    <\/a>\n  \t<div class=\"artiste-post-body\">\n      \t<a clas=\"artiste-post-title\" href=\"https:\/\/vandoren.fr\/fr\/artistes-vandoren\/alt-susanne\/\">\n          \t<h2 class=\"article-title-heading\">Alt Susanne<\/h2>\n      \t<\/a>\n        <span class=\"artiste-pays\">(Netherlands)<\/span>\n     <div class=\"artiste-post-term\">\n        \t<span class=\"artiste-post-term-link\">Saxophone Jazz et Autres Styles<\/span>\n        \t\n      <\/div>\n  \t<\/div>\n    <div class=\"artiste-post-footer\">\n  \t\t<div class=\"artiste-post-excerpt\">\n      \t\t&nbsp; Susanne Alt is a saxophonist, composer, DJ, and producer based in Amsterdam. Born in 1978 in\u00a0W\u00fcrzburg, Germany, to a musical parental home, she&#8230;\n      \t\t<a class=\"artiste-post-readmore\" href=\"https:\/\/vandoren.fr\/fr\/artistes-vandoren\/alt-susanne\/\">> Voir l&rsquo;artiste<\/a>\n  \t\t<\/div>\n    <\/div>\n  <\/div>\n<\/div>\n\t\t\n\t\t\t<div class=\"col-xs-12 col-sm-6 col-md-4 col-lg-3 artiste-grid-item\">\n  <div class=\"carte-artiste\">\n \t<a class=\"artiste-postmedia\" href=\"https:\/\/vandoren.fr\/fr\/artistes-vandoren\/carlosalves\/\">\n      \n      <div class=\"artiste-image\"><img loading=\"lazy\" loading=\"lazy\" loading=\"lazy\" decoding=\"async\" width=\"1017\" height=\"1024\" src=\"https:\/\/vandoren.fr\/wp-content\/uploads\/2020\/11\/carlos-alves-clarinet-portugal-1-1017x1024.jpeg\" class=\"attachment-large artiste-img\" alt=\"\" title=\"\" style=\"\" srcset=\"https:\/\/vandoren.fr\/wp-content\/uploads\/2020\/11\/carlos-alves-clarinet-portugal-1-1017x1024.jpeg 1017w, https:\/\/vandoren.fr\/wp-content\/uploads\/2020\/11\/carlos-alves-clarinet-portugal-1-298x300.jpeg 298w, https:\/\/vandoren.fr\/wp-content\/uploads\/2020\/11\/carlos-alves-clarinet-portugal-1-150x150.jpeg 150w, https:\/\/vandoren.fr\/wp-content\/uploads\/2020\/11\/carlos-alves-clarinet-portugal-1-768x773.jpeg 768w, https:\/\/vandoren.fr\/wp-content\/uploads\/2020\/11\/carlos-alves-clarinet-portugal-1-1525x1536.jpeg 1525w, https:\/\/vandoren.fr\/wp-content\/uploads\/2020\/11\/carlos-alves-clarinet-portugal-1-scaled.jpeg 2034w\" sizes=\"auto, (max-width: 1017px) 100vw, 1017px\" \/><\/div>\n    <\/a>\n  \t<div class=\"artiste-post-body\">\n      \t<a clas=\"artiste-post-title\" href=\"https:\/\/vandoren.fr\/fr\/artistes-vandoren\/carlosalves\/\">\n          \t<h2 class=\"article-title-heading\">Alves Carlos<\/h2>\n      \t<\/a>\n        <span class=\"artiste-pays\">(Portugal)<\/span>\n     <div class=\"artiste-post-term\">\n        \t<span class=\"artiste-post-term-link\">Clarinette Classique, Clarinette Jazz et Autres Styles<\/span>\n        \t\n      <\/div>\n  \t<\/div>\n    <div class=\"artiste-post-footer\">\n  \t\t<div class=\"artiste-post-excerpt\">\n      \t\tCarlos Pi\u00e7arra Alves is Associate Principal Clarinet at the Orchestra Sinf\u00f3nica do Porto Casa da M\u00fasica, Professor and a Member of the Scientific Coun&#8230;\n      \t\t<a class=\"artiste-post-readmore\" href=\"https:\/\/vandoren.fr\/fr\/artistes-vandoren\/carlosalves\/\">> Voir l&rsquo;artiste<\/a>\n  \t\t<\/div>\n    <\/div>\n  <\/div>\n<\/div>\n\t\t\n\t\t\t<div class=\"col-xs-12 col-sm-6 col-md-4 col-lg-3 artiste-grid-item\">\n  <div class=\"carte-artiste\">\n \t<a class=\"artiste-postmedia\" href=\"https:\/\/vandoren.fr\/fr\/artistes-vandoren\/amet-franck\/\">\n      \n      <div class=\"artiste-image\"><img loading=\"lazy\" loading=\"lazy\" loading=\"lazy\" decoding=\"async\" width=\"1024\" height=\"717\" src=\"https:\/\/vandoren.fr\/wp-content\/uploads\/2018\/11\/AMET-Franck-_-recadr\u00e9e-1024x717.jpg\" class=\"attachment-large artiste-img\" alt=\"\" title=\"\" style=\"\" srcset=\"https:\/\/vandoren.fr\/wp-content\/uploads\/2018\/11\/AMET-Franck-_-recadr\u00e9e-1024x717.jpg 1024w, https:\/\/vandoren.fr\/wp-content\/uploads\/2018\/11\/AMET-Franck-_-recadr\u00e9e-300x210.jpg 300w, https:\/\/vandoren.fr\/wp-content\/uploads\/2018\/11\/AMET-Franck-_-recadr\u00e9e-768x538.jpg 768w, https:\/\/vandoren.fr\/wp-content\/uploads\/2018\/11\/AMET-Franck-_-recadr\u00e9e.jpg 1991w\" sizes=\"auto, (max-width: 1024px) 100vw, 1024px\" \/><\/div>\n    <\/a>\n  \t<div class=\"artiste-post-body\">\n      \t<a clas=\"artiste-post-title\" href=\"https:\/\/vandoren.fr\/fr\/artistes-vandoren\/amet-franck\/\">\n          \t<h2 class=\"article-title-heading\">Amet Franck<\/h2>\n      \t<\/a>\n        <span class=\"artiste-pays\">(France)<\/span>\n     <div class=\"artiste-post-term\">\n        \t<span class=\"artiste-post-term-link\">Clarinette Classique<\/span>\n        \t\n      <\/div>\n  \t<\/div>\n    <div class=\"artiste-post-footer\">\n  \t\t<div class=\"artiste-post-excerpt\">\n      \t\tC\u2019est au Conservatoire de Clermont-Ferrand, sa ville natale, que Franck Amet commence ses \u00e9tudes musicales. Re\u00e7u au C.N.S.M.D. de Paris en 1990, il y&#8230;\n      \t\t<a class=\"artiste-post-readmore\" href=\"https:\/\/vandoren.fr\/fr\/artistes-vandoren\/amet-franck\/\">> Voir l&rsquo;artiste<\/a>\n  \t\t<\/div>\n    <\/div>\n  <\/div>\n<\/div>\n\t\t\n\t\t\t<div class=\"col-xs-12 col-sm-6 col-md-4 col-lg-3 artiste-grid-item\">\n  <div class=\"carte-artiste\">\n \t<a class=\"artiste-postmedia\" href=\"https:\/\/vandoren.fr\/fr\/artistes-vandoren\/ancia-quartet\/\">\n      <div class=\"artiste-image\"><img loading=\"lazy\" loading=\"lazy\" loading=\"lazy\" decoding=\"async\" width=\"214\" height=\"143\" src=\"https:\/\/vandoren.fr\/wp-content\/uploads\/2018\/11\/5801366-8648716.jpg\" class=\"attachment-large size-large artiste-img wp-post-image\" alt=\"\" \/><\/div>\n      \n    <\/a>\n  \t<div class=\"artiste-post-body\">\n      \t<a clas=\"artiste-post-title\" href=\"https:\/\/vandoren.fr\/fr\/artistes-vandoren\/ancia-quartet\/\">\n          \t<h2 class=\"article-title-heading\">Ancia Quartet<\/h2>\n      \t<\/a>\n        \n     <div class=\"artiste-post-term\">\n        \t<span class=\"artiste-post-term-link\">Ensembles de Saxophones<\/span>\n        \t\n      <\/div>\n  \t<\/div>\n    <div class=\"artiste-post-footer\">\n  \t\t<div class=\"artiste-post-excerpt\">\n      \t\tThe Ancia Saxophone Quartet was founded in 1990 as an ensemble dedicated to the creation and performance of new works for saxophone quartet as well as&#8230;\n      \t\t<a class=\"artiste-post-readmore\" href=\"https:\/\/vandoren.fr\/fr\/artistes-vandoren\/ancia-quartet\/\">> Voir l&rsquo;artiste<\/a>\n  \t\t<\/div>\n    <\/div>\n  <\/div>\n<\/div>\n\t\t\n\t\t\t<div class=\"col-xs-12 col-sm-6 col-md-4 col-lg-3 artiste-grid-item\">\n  <div class=\"carte-artiste\">\n \t<a class=\"artiste-postmedia\" href=\"https:\/\/vandoren.fr\/fr\/artistes-vandoren\/jeff_anderle\/\">\n      <div class=\"artiste-image\"><img loading=\"lazy\" loading=\"lazy\" loading=\"lazy\" decoding=\"async\" width=\"855\" height=\"1024\" src=\"https:\/\/vandoren.fr\/wp-content\/uploads\/2025\/05\/jeff-anderle-855x1024.jpg\" class=\"attachment-large size-large artiste-img wp-post-image\" alt=\"\" srcset=\"https:\/\/vandoren.fr\/wp-content\/uploads\/2025\/05\/jeff-anderle-855x1024.jpg 855w, https:\/\/vandoren.fr\/wp-content\/uploads\/2025\/05\/jeff-anderle-250x300.jpg 250w, https:\/\/vandoren.fr\/wp-content\/uploads\/2025\/05\/jeff-anderle-768x920.jpg 768w, https:\/\/vandoren.fr\/wp-content\/uploads\/2025\/05\/jeff-anderle-1283x1536.jpg 1283w, https:\/\/vandoren.fr\/wp-content\/uploads\/2025\/05\/jeff-anderle.jpg 1513w\" sizes=\"auto, (max-width: 855px) 100vw, 855px\" \/><\/div>\n      \n    <\/a>\n  \t<div class=\"artiste-post-body\">\n      \t<a clas=\"artiste-post-title\" href=\"https:\/\/vandoren.fr\/fr\/artistes-vandoren\/jeff_anderle\/\">\n          \t<h2 class=\"article-title-heading\">Anderle Jeff<\/h2>\n      \t<\/a>\n        <span class=\"artiste-pays\">(USA)<\/span>\n     <div class=\"artiste-post-term\">\n        \t<span class=\"artiste-post-term-link\">Clarinette Classique<\/span>\n        \t\n      <\/div>\n  \t<\/div>\n    <div class=\"artiste-post-footer\">\n  \t\t<div class=\"artiste-post-excerpt\">\n      \t\tA pioneer in the world of clarinet and bass clarinet, Jeff Anderle is exploding the boundaries of classical music with his innovative performances, re&#8230;\n      \t\t<a class=\"artiste-post-readmore\" href=\"https:\/\/vandoren.fr\/fr\/artistes-vandoren\/jeff_anderle\/\">> Voir l&rsquo;artiste<\/a>\n  \t\t<\/div>\n    <\/div>\n  <\/div>\n<\/div>\n\t\t\n\t\t\t<div class=\"col-xs-12 col-sm-6 col-md-4 col-lg-3 artiste-grid-item\">\n  <div class=\"carte-artiste\">\n \t<a class=\"artiste-postmedia\" href=\"https:\/\/vandoren.fr\/fr\/artistes-vandoren\/anderson-keith\/\">\n      \n      <div class=\"artiste-image\"><img loading=\"lazy\" loading=\"lazy\" loading=\"lazy\" decoding=\"async\" width=\"213\" height=\"117\" src=\"https:\/\/vandoren.fr\/wp-content\/uploads\/2018\/11\/ANDERSON-Keith.jpg\" class=\"attachment-large artiste-img\" alt=\"\" title=\"\" style=\"\" \/><\/div>\n    <\/a>\n  \t<div class=\"artiste-post-body\">\n      \t<a clas=\"artiste-post-title\" href=\"https:\/\/vandoren.fr\/fr\/artistes-vandoren\/anderson-keith\/\">\n          \t<h2 class=\"article-title-heading\">Anderson Keith<\/h2>\n      \t<\/a>\n        <span class=\"artiste-pays\">(USA)<\/span>\n     <div class=\"artiste-post-term\">\n        \t<span class=\"artiste-post-term-link\">Saxophone Jazz et Autres Styles<\/span>\n        \t\n      <\/div>\n  \t<\/div>\n    <div class=\"artiste-post-footer\">\n  \t\t<div class=\"artiste-post-excerpt\">\n      \t\tBorn in Dallas, Texas, 1970, Mr. Anderson discovered his love for music at the early age of 10. He started playing drums, until he found his true pass&#8230;\n      \t\t<a class=\"artiste-post-readmore\" href=\"https:\/\/vandoren.fr\/fr\/artistes-vandoren\/anderson-keith\/\">> Voir l&rsquo;artiste<\/a>\n  \t\t<\/div>\n    <\/div>\n  <\/div>\n<\/div>\n\t\t\n\t\t\t<div class=\"col-xs-12 col-sm-6 col-md-4 col-lg-3 artiste-grid-item\">\n  <div class=\"carte-artiste\">\n \t<a class=\"artiste-postmedia\" href=\"https:\/\/vandoren.fr\/fr\/artistes-vandoren\/andrea-castro-pulgarin-natalia\/\">\n      <div class=\"artiste-image\"><img loading=\"lazy\" loading=\"lazy\" loading=\"lazy\" decoding=\"async\" width=\"768\" height=\"1024\" src=\"https:\/\/vandoren.fr\/wp-content\/uploads\/2025\/10\/image-1-768x1024.jpeg\" class=\"attachment-large size-large artiste-img wp-post-image\" alt=\"\" srcset=\"https:\/\/vandoren.fr\/wp-content\/uploads\/2025\/10\/image-1-768x1024.jpeg 768w, https:\/\/vandoren.fr\/wp-content\/uploads\/2025\/10\/image-1-225x300.jpeg 225w, https:\/\/vandoren.fr\/wp-content\/uploads\/2025\/10\/image-1-1152x1536.jpeg 1152w, https:\/\/vandoren.fr\/wp-content\/uploads\/2025\/10\/image-1-scaled.jpeg 1537w\" sizes=\"auto, (max-width: 768px) 100vw, 768px\" \/><\/div>\n      \n    <\/a>\n  \t<div class=\"artiste-post-body\">\n      \t<a clas=\"artiste-post-title\" href=\"https:\/\/vandoren.fr\/fr\/artistes-vandoren\/andrea-castro-pulgarin-natalia\/\">\n          \t<h2 class=\"article-title-heading\">Andrea Castro Pulgar\u00edn Natalia<\/h2>\n      \t<\/a>\n        <span class=\"artiste-pays\">(Colombia)<\/span>\n     <div class=\"artiste-post-term\">\n        \t<span class=\"artiste-post-term-link\">Clarinette Classique<\/span>\n        \t\n      <\/div>\n  \t<\/div>\n    <div class=\"artiste-post-footer\">\n  \t\t<div class=\"artiste-post-excerpt\">\n      \t\t\u00a0Natalia Andrea Castro Pulgar\u00edn es una clarinetista colombiana con una s\u00f3lida trayectoria art\u00edstica y acad\u00e9mica. Es M\u00e1ster en Interpretaci\u00f3n de la M\u00fas&#8230;\n      \t\t<a class=\"artiste-post-readmore\" href=\"https:\/\/vandoren.fr\/fr\/artistes-vandoren\/andrea-castro-pulgarin-natalia\/\">> Voir l&rsquo;artiste<\/a>\n  \t\t<\/div>\n    <\/div>\n  <\/div>\n<\/div>\n\t\t\n\t\t\t<div class=\"col-xs-12 col-sm-6 col-md-4 col-lg-3 artiste-grid-item\">\n  <div class=\"carte-artiste\">\n \t<a class=\"artiste-postmedia\" href=\"https:\/\/vandoren.fr\/fr\/artistes-vandoren\/angel-juarez-sandoval-juan\/\">\n      \n      <div class=\"artiste-image\"><img decoding=\"async\" src=\"https:\/\/vandoren.fr\/wp-content\/uploads\/2024\/07\/image-wpcf_683x1024.jpeg\" class=\"attachment-large artiste-img\" \/><\/div>\n    <\/a>\n  \t<div class=\"artiste-post-body\">\n      \t<a clas=\"artiste-post-title\" href=\"https:\/\/vandoren.fr\/fr\/artistes-vandoren\/angel-juarez-sandoval-juan\/\">\n          \t<h2 class=\"article-title-heading\">\u00c1ngel JU\u00c1REZ SANDOVAL Juan<\/h2>\n      \t<\/a>\n        <span class=\"artiste-pays\">(France)<\/span>\n     <div class=\"artiste-post-term\">\n        \t<span class=\"artiste-post-term-link\">Clarinette Classique<\/span>\n        \t\n      <\/div>\n  \t<\/div>\n    <div class=\"artiste-post-footer\">\n  \t\t<div class=\"artiste-post-excerpt\">\n      \t\tJuan \u00c1ngel Ju\u00e1rez Sandoval: Between Two Worlds, One Voice Some careers are built on talent and perseverance; others, in addition, reveal a profound co&#8230;\n      \t\t<a class=\"artiste-post-readmore\" href=\"https:\/\/vandoren.fr\/fr\/artistes-vandoren\/angel-juarez-sandoval-juan\/\">> Voir l&rsquo;artiste<\/a>\n  \t\t<\/div>\n    <\/div>\n  <\/div>\n<\/div>\n\t\t\n\t\t\t<div class=\"col-xs-12 col-sm-6 col-md-4 col-lg-3 artiste-grid-item\">\n  <div class=\"carte-artiste\">\n \t<a class=\"artiste-postmedia\" href=\"https:\/\/vandoren.fr\/fr\/artistes-vandoren\/anton-jesus-yaracuy\/\">\n      \n      <div class=\"artiste-image\"><img loading=\"lazy\" loading=\"lazy\" loading=\"lazy\" decoding=\"async\" width=\"704\" height=\"462\" src=\"https:\/\/vandoren.fr\/wp-content\/uploads\/2018\/11\/anton-jesus---recadree.jpg\" class=\"attachment-large artiste-img\" alt=\"\" title=\"\" style=\"\" srcset=\"https:\/\/vandoren.fr\/wp-content\/uploads\/2018\/11\/anton-jesus---recadree.jpg 704w, https:\/\/vandoren.fr\/wp-content\/uploads\/2018\/11\/anton-jesus---recadree-300x197.jpg 300w\" sizes=\"auto, (max-width: 704px) 100vw, 704px\" \/><\/div>\n    <\/a>\n  \t<div class=\"artiste-post-body\">\n      \t<a clas=\"artiste-post-title\" href=\"https:\/\/vandoren.fr\/fr\/artistes-vandoren\/anton-jesus-yaracuy\/\">\n          \t<h2 class=\"article-title-heading\">Ant\u00f3n Jes\u00fas<\/h2>\n      \t<\/a>\n        <span class=\"artiste-pays\">(Venezuela)<\/span>\n     <div class=\"artiste-post-term\">\n        \t<span class=\"artiste-post-term-link\">Clarinette Classique<\/span>\n        \t\n      <\/div>\n  \t<\/div>\n    <div class=\"artiste-post-footer\">\n  \t\t<div class=\"artiste-post-excerpt\">\n      \t\tJoven clarinetista venezolano quien inicia sus estudios musicales a la edad de 14 a\u00f1os en San Felipe con el Profesor Jos\u00e9 Caldera dentro del sistema d&#8230;\n      \t\t<a class=\"artiste-post-readmore\" href=\"https:\/\/vandoren.fr\/fr\/artistes-vandoren\/anton-jesus-yaracuy\/\">> Voir l&rsquo;artiste<\/a>\n  \t\t<\/div>\n    <\/div>\n  <\/div>\n<\/div>\n\t\t\n\t\t\t<div class=\"col-xs-12 col-sm-6 col-md-4 col-lg-3 artiste-grid-item\">\n  <div class=\"carte-artiste\">\n \t<a class=\"artiste-postmedia\" href=\"https:\/\/vandoren.fr\/fr\/artistes-vandoren\/armocida-roberto\/\">\n      \n      <div class=\"artiste-image\"><img decoding=\"async\" src=\"https:\/\/vandoren.fr\/wp-content\/uploads\/2021\/01\/definitiva2-provairene-ombra-wpcf_1024x683.jpg\" class=\"attachment-large artiste-img\" \/><\/div>\n    <\/a>\n  \t<div class=\"artiste-post-body\">\n      \t<a clas=\"artiste-post-title\" href=\"https:\/\/vandoren.fr\/fr\/artistes-vandoren\/armocida-roberto\/\">\n          \t<h2 class=\"article-title-heading\">Armocida Roberto<\/h2>\n      \t<\/a>\n        <span class=\"artiste-pays\">(Italy)<\/span>\n     <div class=\"artiste-post-term\">\n        \t<span class=\"artiste-post-term-link\">Saxophone Classique<\/span>\n        \t\n      <\/div>\n  \t<\/div>\n    <div class=\"artiste-post-footer\">\n  \t\t<div class=\"artiste-post-excerpt\">\n      \t\tRoberto Armocida is an Italian classical saxophonist. He performs as soloist in symphonic orchestras or in ensembles, and he is interested in playing&#8230;\n      \t\t<a class=\"artiste-post-readmore\" href=\"https:\/\/vandoren.fr\/fr\/artistes-vandoren\/armocida-roberto\/\">> Voir l&rsquo;artiste<\/a>\n  \t\t<\/div>\n    <\/div>\n  <\/div>\n<\/div>\n\t\t\n\t\t\n\t<\/div>\n\t\n\t\n<div class=\"artiste-pagelink\">\n<ul class=\"wpv-pagination-nav-links-container js-wpv-pagination-nav-links-container pagination\"><li class=\"wpv-pagination-nav-links-item js-wpv-pagination-nav-links-item page-item wpv-page-link-11211-1 js-wpv-page-link-11211-1 wpv_page_current wpv-pagination-nav-links-item-current active\"><span class=\"wpv-filter-pagination-link page-link\">1<\/span><\/li><li class=\"wpv-pagination-nav-links-item js-wpv-pagination-nav-links-item page-item wpv-page-link-11211-2 js-wpv-page-link-11211-2\"><a class=\"wpv-filter-pagination-link js-wpv-pagination-link page-link\" title=\"2\" href=\"\/fr\/wp-json\/wp\/v2\/pages\/4204?wpv_view_count=11211&#038;wpv_paged=2\" data-viewnumber=\"11211\" data-page=\"2\">2<\/a><\/li><li class=\"wpv-pagination-nav-links-item js-wpv-pagination-nav-links-item page-item wpv-page-link-11211-3 js-wpv-page-link-11211-3\"><a class=\"wpv-filter-pagination-link js-wpv-pagination-link page-link\" title=\"3\" href=\"\/fr\/wp-json\/wp\/v2\/pages\/4204?wpv_view_count=11211&#038;wpv_paged=3\" data-viewnumber=\"11211\" data-page=\"3\">3<\/a><\/li><li class=\"wpv-pagination-nav-links-item js-wpv-pagination-nav-links-item page-item\"><span class=\"wpv_page_ellipsis\">...<\/span><\/li><li class=\"wpv-pagination-nav-links-item js-wpv-pagination-nav-links-item page-item wpv-page-link-11211-20 js-wpv-page-link-11211-20\"><a class=\"wpv-filter-pagination-link js-wpv-pagination-link page-link\" title=\"20\" href=\"\/fr\/wp-json\/wp\/v2\/pages\/4204?wpv_view_count=11211&#038;wpv_paged=20\" data-viewnumber=\"11211\" data-page=\"20\">20<\/a><\/li><li class=\"wpv-pagination-nav-links-item js-wpv-pagination-nav-links-item page-item\"><span class=\"wpv_page_ellipsis\">...<\/span><\/li><li class=\"wpv-pagination-nav-links-item js-wpv-pagination-nav-links-item page-item wpv-page-link-11211-26 js-wpv-page-link-11211-26\"><a class=\"wpv-filter-pagination-link js-wpv-pagination-link page-link\" title=\"26\" href=\"\/fr\/wp-json\/wp\/v2\/pages\/4204?wpv_view_count=11211&#038;wpv_paged=26\" data-viewnumber=\"11211\" data-page=\"26\">26<\/a><\/li><li  class=\"page-item\"><a class=\"wpv-filter-last-link js-wpv-pagination-last-link page-link\"  href=\"\/fr\/wp-json\/wp\/v2\/pages\/4204?wpv_view_count=11211&#038;wpv_paged=26\" data-viewnumber=\"11211\" data-page=\"26\">&raquo;<\/a><\/li><\/ul>\n<\/div>\n<\/div>\n\t\t\t\t<\/div>\n\t\t\t\t<\/div>\n\t\t\t\t<div class=\"elementor-element elementor-element-3fe9e81 elementor-widget elementor-widget-spacer\" data-id=\"3fe9e81\" data-element_type=\"widget\" data-e-type=\"widget\" data-widget_type=\"spacer.default\">\n\t\t\t\t<div class=\"elementor-widget-container\">\n\t\t\t\t\t\t\t<div class=\"elementor-spacer\">\n\t\t\t<div class=\"elementor-spacer-inner\"><\/div>\n\t\t<\/div>\n\t\t\t\t\t\t<\/div>\n\t\t\t\t<\/div>\n\t\t\t\t\t<\/div>\n\t\t<\/div>\n\t\t\t\t\t<\/div>\n\t\t<\/section>\n\t\t\t\t<\/div>\n\t\t","protected":false},"excerpt":{"rendered":"<p>Artistes Rechercher un artiste Envoi Recharger la page Filtrer par Instrument et Style &#8212; S\u00e9lectionnez &#8212;Clarinette ClassiqueClarinette Jazz et Autres StylesEnsembles de ClarinettesSaxophone ClassiqueSaxophone Jazz et Autres StylesEnsembles de Saxophones 1 2 3 &#8230; 20 &#8230; 40 &#8230; 47 &raquo; A. Iosco Lorenzo (Italie) Clarinette Classique Lorenzo Antonio Iosco, Italian clarinetist and conductor. Based in [&hellip;]<\/p>\n","protected":false},"author":1,"featured_media":0,"parent":0,"menu_order":0,"comment_status":"closed","ping_status":"closed","template":"elementor_header_footer","meta":{"_seopress_robots_primary_cat":"","_seopress_titles_title":"","_seopress_titles_desc":"","_seopress_robots_index":"","footnotes":""},"class_list":["post-4204","page","type-page","status-publish","hentry"],"_links":{"self":[{"href":"https:\/\/vandoren.fr\/fr\/wp-json\/wp\/v2\/pages\/4204","targetHints":{"allow":["GET"]}}],"collection":[{"href":"https:\/\/vandoren.fr\/fr\/wp-json\/wp\/v2\/pages"}],"about":[{"href":"https:\/\/vandoren.fr\/fr\/wp-json\/wp\/v2\/types\/page"}],"author":[{"embeddable":true,"href":"https:\/\/vandoren.fr\/fr\/wp-json\/wp\/v2\/users\/1"}],"replies":[{"embeddable":true,"href":"https:\/\/vandoren.fr\/fr\/wp-json\/wp\/v2\/comments?post=4204"}],"version-history":[{"count":5,"href":"https:\/\/vandoren.fr\/fr\/wp-json\/wp\/v2\/pages\/4204\/revisions"}],"predecessor-version":[{"id":30359,"href":"https:\/\/vandoren.fr\/fr\/wp-json\/wp\/v2\/pages\/4204\/revisions\/30359"}],"wp:attachment":[{"href":"https:\/\/vandoren.fr\/fr\/wp-json\/wp\/v2\/media?parent=4204"}],"curies":[{"name":"wp","href":"https:\/\/api.w.org\/{rel}","templated":true}]}}